{"id":678,"date":"2015-12-28T14:04:00","date_gmt":"2015-12-28T13:04:00","guid":{"rendered":"http:\/\/mustangklubben.hemsida.eu\/vastra-malardalen\/nyheter\/sasongsavslutning-2015-10-18\/"},"modified":"2015-12-28T14:04:00","modified_gmt":"2015-12-28T13:04:00","slug":"sasongsavslutning-2015-10-18","status":"publish","type":"nyheter","link":"https:\/\/mustangclubsweden.org\/vastra-malardalen\/nyheter\/sasongsavslutning-2015-10-18\/","title":{"rendered":"S\u00e4songsavslutning 2015-10-18"},"content":{"rendered":"<p style=\"background:rgb(255,255,255);line-height:13.5pt;font-style:normal;font-weight:normal;margin-top:0cm;margin-bottom:10pt;vertical-align:top;\">\t<font color=\"#000000\" face=\"Calibri\" size=\"3\">Till \u00e5rets s\u00e4songsavslutning hade 15 ekipage anm\u00e4lt sig, varav 10 ekipage m\u00f6tte upp vid IKEAs parkering p\u00e5 Erikslund V\u00e4ster\u00e5s och 5 ekipage ansl\u00f6t p\u00e5 v\u00e4gen upp till Nostalgibyn Hosta.<\/font><\/p>\n<p style=\"margin:0cm 0cm 10pt;\">\t<a class=\"ipsAttachLink ipsAttachLink_image\" href=\"https:\/\/forum.mustangclubsweden.org\/uploads\/monthly_2016_01\/56aa1876875cd_Bild1CMCSsongsavslut2015Nostalgibyn.JPG.251e1bda1e4e283f048eeb12e7eb2c50.JPG\"><img class=\"ipsImage ipsImage_thumbnailed\" data-fileid=\"10384\" data-unique=\"hec44xufo\" src=\"http:\/\/mustangklubben.hemsida.eu\/vastra-malardalen\/wp-content\/uploads\/sites\/8\/2020\/12\/56aa1876c982c_bild1cmcssongsavslut2015nostalgibyn.thumb_jpg.ee50aa0e6654ca492b635bc2ebb1efd6.jpg\" alt=\"56aa1876c982c_Bild1CMCSsongsavslut2015No\"><\/a><\/p>\n<p style=\"margin:0cm 0cm 10pt;\">\t<font color=\"#000000\" face=\"Calibri\" size=\"3\">Vi valde att \u00e5ka gamla K\u00f6pingsv\u00e4gen via Kolb\u00e4ck, Munktorp, och fram till K\u00f6ping d\u00e4r Harry Ruuska m\u00f6tte upp och guidade oss genom K\u00f6ping med lite muller p\u00e5 morgonkvisten fram mot Himmeta. D\u00e4r tog jag \u00f6ver kommandot och fortsatt p\u00e5 de riktigt sm\u00e5 asfalterade v\u00e4garna via Med\u00e5ker, Galinge, Smedby, Bergaby, Oppeby, och slutligen upp p\u00e5 v\u00e4g 249 fram till avfarten in till Nostalgibyn Hosta.<\/font><\/p>\n<p style=\"margin:0cm 0cm 10pt;\">\t<a class=\"ipsAttachLink ipsAttachLink_image\" href=\"https:\/\/forum.mustangclubsweden.org\/uploads\/monthly_2015_12\/56813c35bff21_Bild2CMCSsongsavslut2015Nostalgibyn.JPG.4c5bbeb371fc803ec0fd1b265e0976b3.JPG\"><img loading=\"lazy\" alt=\"56813c362efbb_Bild2CMCSsongsavslut2015No\" class=\"ipsImage ipsImage_thumbnailed\" data-fileid=\"10228\" data-unique=\"oaiztl7ba\" height=\"393\" src=\"http:\/\/mustangklubben.hemsida.eu\/vastra-malardalen\/wp-content\/uploads\/sites\/8\/2020\/12\/56813c362efbb_bild2cmcssongsavslut2015nostalgibyn.thumb_jpg.7a4098ea88f3a81b72c61baea93e7522.jpg\" style=\"width:699px;\" width=\"657\"><\/a><\/p>\n<p style=\"margin:0cm 0cm 10pt;\">\t<font color=\"#000000\" face=\"Calibri\" size=\"3\">V\u00e4l framme togs vi emot av Bosse &amp; Barbro Norman. <\/font><font color=\"#000000\" face=\"Calibri\" size=\"3\">H\u00e4r har dom under ca. 15 \u00e5rs tid byggt upp en hel by mitt ute p\u00e5 landet. D\u00e4r finns ett 50-tals Caf\u00e9, Nyn\u00e4smack, Biograf, Olika Kiosker och en Retrobutik. <\/font><span style=\"line-height:115%;font-family:Calibri, 'sans-serif';font-size:11pt;\"><font color=\"#000000\">Vi b\u00f6rjade med kaffe och Barbros fantastiska landg\u00e5ng, som var fylld till sista millimetern med allehanda godsaker. <\/font><\/span><\/p>\n<p style=\"margin:0cm 0cm 10pt;\">\t<a class=\"ipsAttachLink ipsAttachLink_image\" href=\"https:\/\/forum.mustangclubsweden.org\/uploads\/monthly_2015_12\/56813cf18b407_Bild3CMCSsongsavslut2015Nostalgibyn.JPG.3e8f49bc6f8c09385186a01feed8c81a.JPG\"><img alt=\"56813cf1c0ef1_Bild3CMCSsongsavslut2015No\" class=\"ipsImage ipsImage_thumbnailed\" data-fileid=\"10229\" data-unique=\"3kgojwo7d\" src=\"http:\/\/mustangklubben.hemsida.eu\/vastra-malardalen\/wp-content\/uploads\/sites\/8\/2020\/12\/56813cf1c0ef1_bild3cmcssongsavslut2015nostalgibyn.thumb_jpg.aaaa5d5b25c26abf2ea82e129464b0c4.jpg\"><\/a><\/p>\n<p style=\"margin:0cm 0cm 10pt;\">\t<span style=\"line-height:115%;font-family:Calibri, 'sans-serif';font-size:11pt;\"><font color=\"#000000\">Det var uppdukat i biografen och i biografens foaj\u00e9. <\/font><\/span><\/p>\n<p style=\"margin:0cm 0cm 10pt;\">\t<span style=\"line-height:115%;font-family:Calibri, 'sans-serif';font-size:11pt;\"><font color=\"#000000\">Bosse guidade oss runt i by, och med sina stora kunskaper och kluriga\/roliga anekdoter p\u00e5 rent Ludvika m\u00e5l,\u00a0vi fick n\u00e5gra\u00a0timmar fyllda av information och skratt.<\/font><\/span><\/p>\n<p style=\"margin:0cm 0cm 10pt;\">\t<a class=\"ipsAttachLink ipsAttachLink_image\" href=\"https:\/\/forum.mustangclubsweden.org\/uploads\/monthly_2015_12\/56813dbce8337_Bild6CMCSsongsavslut2015Nostalgibyn.JPG.7cc8f777ea519075c771b20ef132d768.JPG\"><img loading=\"lazy\" alt=\"56813dbd27cd0_Bild6CMCSsongsavslut2015No\" class=\"ipsImage ipsImage_thumbnailed\" data-fileid=\"10230\" data-unique=\"f8yj871va\" height=\"386\" src=\"http:\/\/mustangklubben.hemsida.eu\/vastra-malardalen\/wp-content\/uploads\/sites\/8\/2020\/12\/56813dbd27cd0_bild6cmcssongsavslut2015nostalgibyn.thumb_jpg.18cd7523258c621852d7f6ecd7f9f45b.jpg\" style=\"width:693px;\" width=\"658\"><\/a><\/p>\n<p style=\"margin:0cm 0cm 10pt;\">\t<span style=\"line-height:115%;font-family:Calibri, 'sans-serif';font-size:11pt;\"><font color=\"#000000\">En fantastisk Nyn\u00e4smack med komplett butik med allehanda oljor, fett &amp; kilremmar m.m.<\/font><\/span><\/p>\n<p style=\"margin:0cm 0cm 10pt;\">\t<a class=\"ipsAttachLink ipsAttachLink_image\" href=\"https:\/\/forum.mustangclubsweden.org\/uploads\/monthly_2015_12\/56813e2b17508_Bild7CMCSsongsavslut2015Nostalgibyn.JPG.b63ae2fc92a4a9e6e0e8ffb3369b636d.JPG\"><img alt=\"56813e2b4bbbf_Bild7CMCSsongsavslut2015No\" class=\"ipsImage ipsImage_thumbnailed\" data-fileid=\"10231\" data-unique=\"zkv42o8ut\" src=\"http:\/\/mustangklubben.hemsida.eu\/vastra-malardalen\/wp-content\/uploads\/sites\/8\/2020\/12\/56813e2b4bbbf_bild7cmcssongsavslut2015nostalgibyn.thumb_jpg.be26a331d7b420c9e7d557b19b82af75.jpg\"><\/a><\/p>\n<p style=\"margin:0cm 0cm 10pt;\">\t<span style=\"line-height:115%;font-family:Calibri, 'sans-serif';font-size:11pt;\"><font color=\"#000000\">En 50-tals original Korvkiosk, Glasskiosk och Tidningskiosk fanns p\u00e5 plats.<span>\u00a0 <\/span><\/font><\/span><\/p>\n<p style=\"margin:0cm 0cm 10pt;\">\t<a class=\"ipsAttachLink ipsAttachLink_image\" href=\"https:\/\/forum.mustangclubsweden.org\/uploads\/monthly_2015_12\/56813e7711a08_Bild8CMCSsongsavslut2015Nostalgibyn.JPG.5af2cd7ecb58b74f6f6839846153b4bc.JPG\"><img alt=\"56813e7742b44_Bild8CMCSsongsavslut2015No\" class=\"ipsImage ipsImage_thumbnailed\" data-fileid=\"10232\" data-unique=\"e9yio2xi5\" src=\"http:\/\/mustangklubben.hemsida.eu\/vastra-malardalen\/wp-content\/uploads\/sites\/8\/2020\/12\/56813e7742b44_bild8cmcssongsavslut2015nostalgibyn.thumb_jpg.c49717f0ca16401b364809005fa96c42.jpg\"><\/a><\/p>\n<p style=\"margin:0cm 0cm 10pt;\">\t<span style=\"line-height:115%;font-family:Calibri, 'sans-serif';font-size:11pt;\"><font color=\"#000000\">Vad vore en utflykt utan en retrobutik f\u00f6r v\u00e5ra damer d\u00e4r de kunde botanisera i gamla kl\u00e4der och \u00f6vriga retroprylar.<span>\u00a0 <\/span><\/font><\/span><\/p>\n<p style=\"margin:0cm 0cm 10pt;\">\t<a class=\"ipsAttachLink ipsAttachLink_image\" href=\"https:\/\/forum.mustangclubsweden.org\/uploads\/monthly_2015_12\/56813eb24c065_Bild9CMCSsongsavslut2015Nostalgibyn.JPG.ebff39238383d37d0670ff50d342aa5e.JPG\"><img alt=\"56813eb27f219_Bild9CMCSsongsavslut2015No\" class=\"ipsImage ipsImage_thumbnailed\" data-fileid=\"10233\" data-unique=\"uvusauesd\" src=\"http:\/\/mustangklubben.hemsida.eu\/vastra-malardalen\/wp-content\/uploads\/sites\/8\/2020\/12\/56813eb27f219_bild9cmcssongsavslut2015nostalgibyn.thumb_jpg.17e6c99225049e2a2be399dbc20c7017.jpg\"><\/a><\/p>\n<p style=\"margin:0cm 0cm 10pt;\">\t<span style=\"line-height:115%;font-family:Calibri, 'sans-serif';font-size:11pt;\"><font color=\"#000000\">De deltagande fordonen var en fin blandning av \u00e4ldre och nyare Mustanger.<\/font><\/span><\/p>\n<p style=\"margin:0cm 0cm 10pt;\">\tFoto &amp; Text<\/p>\n<p style=\"margin:0cm 0cm 10pt;\">\tPeO H\u00e4ggstr\u00f6m<\/p>\n<p>\t\u00a0<\/p>\n<p>\t\u00a0<\/p>\n","protected":false},"excerpt":{"rendered":"<p>Till \u00e5rets s\u00e4songsavslutning hade 15 ekipage anm\u00e4lt sig, varav 10 ekipage m\u00f6tte upp vid IKEAs parkering p\u00e5 Erikslund V\u00e4ster\u00e5s och 5 ekipage ansl\u00f6t p\u00e5 v\u00e4gen upp till Nostalgibyn Hosta. Vi valde att \u00e5ka gamla K\u00f6pingsv\u00e4gen via Kolb\u00e4ck, Munktorp, och fram till K\u00f6ping d\u00e4r Harry Ruuska m\u00f6tte upp och guidade oss genom K\u00f6ping med lite muller [&hellip;]<\/p>\n","protected":false},"featured_media":0,"comment_status":"open","ping_status":"open","template":"","yoast_head":"<!-- This site is optimized with the Yoast SEO plugin v16.1.1 - https:\/\/yoast.com\/wordpress\/plugins\/seo\/ -->\n<title>S\u00e4songsavslutning 2015-10-18 - V\u00e4stra M\u00e4lardalen<\/title>\n<link rel=\"canonical\" href=\"https:\/\/mustangclubsweden.org\/vastra-malardalen\/nyheter\/sasongsavslutning-2015-10-18\/\" \/>\n<meta property=\"og:locale\" content=\"sv_SE\" \/>\n<meta property=\"og:type\" content=\"article\" \/>\n<meta property=\"og:title\" content=\"S\u00e4songsavslutning 2015-10-18 - V\u00e4stra M\u00e4lardalen\" \/>\n<meta property=\"og:description\" content=\"Till \u00e5rets s\u00e4songsavslutning hade 15 ekipage anm\u00e4lt sig, varav 10 ekipage m\u00f6tte upp vid IKEAs parkering p\u00e5 Erikslund V\u00e4ster\u00e5s och 5 ekipage ansl\u00f6t p\u00e5 v\u00e4gen upp till Nostalgibyn Hosta. Vi valde att \u00e5ka gamla K\u00f6pingsv\u00e4gen via Kolb\u00e4ck, Munktorp, och fram till K\u00f6ping d\u00e4r Harry Ruuska m\u00f6tte upp och guidade oss genom K\u00f6ping med lite muller [&hellip;]\" \/>\n<meta property=\"og:url\" content=\"https:\/\/mustangclubsweden.org\/vastra-malardalen\/nyheter\/sasongsavslutning-2015-10-18\/\" \/>\n<meta property=\"og:site_name\" content=\"V\u00e4stra M\u00e4lardalen\" \/>\n<meta property=\"og:image\" content=\"http:\/\/mustangklubben.hemsida.eu\/vastra-malardalen\/wp-content\/uploads\/sites\/8\/2020\/12\/56aa1876c982c_bild1cmcssongsavslut2015nostalgibyn.thumb_jpg.ee50aa0e6654ca492b635bc2ebb1efd6.jpg\" \/>\n<meta name=\"twitter:card\" content=\"summary_large_image\" \/>\n<meta name=\"twitter:label1\" content=\"Ber\u00e4knad l\u00e4stid\">\n\t<meta name=\"twitter:data1\" content=\"1 minut\">\n<script type=\"application\/ld+json\" class=\"yoast-schema-graph\">{\"@context\":\"https:\/\/schema.org\",\"@graph\":[{\"@type\":\"WebSite\",\"@id\":\"https:\/\/mustangclubsweden.org\/vastra-malardalen\/#website\",\"url\":\"https:\/\/mustangclubsweden.org\/vastra-malardalen\/\",\"name\":\"V\\u00e4stra M\\u00e4lardalen\",\"description\":\"Region V\\u00e4stra M\\u00e4lardalen hos Classic Mustang Club Sweden\",\"potentialAction\":[{\"@type\":\"SearchAction\",\"target\":\"https:\/\/mustangclubsweden.org\/vastra-malardalen\/?s={search_term_string}\",\"query-input\":\"required name=search_term_string\"}],\"inLanguage\":\"sv-SE\"},{\"@type\":\"ImageObject\",\"@id\":\"https:\/\/mustangclubsweden.org\/vastra-malardalen\/nyheter\/sasongsavslutning-2015-10-18\/#primaryimage\",\"inLanguage\":\"sv-SE\",\"url\":\"http:\/\/mustangklubben.hemsida.eu\/vastra-malardalen\/wp-content\/uploads\/sites\/8\/2020\/12\/56aa1876c982c_bild1cmcssongsavslut2015nostalgibyn.thumb_jpg.ee50aa0e6654ca492b635bc2ebb1efd6.jpg\",\"contentUrl\":\"http:\/\/mustangklubben.hemsida.eu\/vastra-malardalen\/wp-content\/uploads\/sites\/8\/2020\/12\/56aa1876c982c_bild1cmcssongsavslut2015nostalgibyn.thumb_jpg.ee50aa0e6654ca492b635bc2ebb1efd6.jpg\"},{\"@type\":\"WebPage\",\"@id\":\"https:\/\/mustangclubsweden.org\/vastra-malardalen\/nyheter\/sasongsavslutning-2015-10-18\/#webpage\",\"url\":\"https:\/\/mustangclubsweden.org\/vastra-malardalen\/nyheter\/sasongsavslutning-2015-10-18\/\",\"name\":\"S\\u00e4songsavslutning 2015-10-18 - V\\u00e4stra M\\u00e4lardalen\",\"isPartOf\":{\"@id\":\"https:\/\/mustangclubsweden.org\/vastra-malardalen\/#website\"},\"primaryImageOfPage\":{\"@id\":\"https:\/\/mustangclubsweden.org\/vastra-malardalen\/nyheter\/sasongsavslutning-2015-10-18\/#primaryimage\"},\"datePublished\":\"2015-12-28T13:04:00+00:00\",\"dateModified\":\"2015-12-28T13:04:00+00:00\",\"breadcrumb\":{\"@id\":\"https:\/\/mustangclubsweden.org\/vastra-malardalen\/nyheter\/sasongsavslutning-2015-10-18\/#breadcrumb\"},\"inLanguage\":\"sv-SE\",\"potentialAction\":[{\"@type\":\"ReadAction\",\"target\":[\"https:\/\/mustangclubsweden.org\/vastra-malardalen\/nyheter\/sasongsavslutning-2015-10-18\/\"]}]},{\"@type\":\"BreadcrumbList\",\"@id\":\"https:\/\/mustangclubsweden.org\/vastra-malardalen\/nyheter\/sasongsavslutning-2015-10-18\/#breadcrumb\",\"itemListElement\":[{\"@type\":\"ListItem\",\"position\":1,\"item\":{\"@type\":\"WebPage\",\"@id\":\"https:\/\/mustangclubsweden.org\/vastra-malardalen\/\",\"url\":\"https:\/\/mustangclubsweden.org\/vastra-malardalen\/\",\"name\":\"Hem\"}},{\"@type\":\"ListItem\",\"position\":2,\"item\":{\"@type\":\"WebPage\",\"@id\":\"https:\/\/mustangclubsweden.org\/vastra-malardalen\/nyheter\/\",\"url\":\"https:\/\/mustangclubsweden.org\/vastra-malardalen\/nyheter\/\",\"name\":\"Nyheter\"}},{\"@type\":\"ListItem\",\"position\":3,\"item\":{\"@type\":\"WebPage\",\"@id\":\"https:\/\/mustangclubsweden.org\/vastra-malardalen\/nyheter\/sasongsavslutning-2015-10-18\/\",\"url\":\"https:\/\/mustangclubsweden.org\/vastra-malardalen\/nyheter\/sasongsavslutning-2015-10-18\/\",\"name\":\"S\\u00e4songsavslutning 2015-10-18\"}}]}]}<\/script>\n<!-- \/ Yoast SEO plugin. -->","_links":{"self":[{"href":"https:\/\/mustangclubsweden.org\/vastra-malardalen\/wp-json\/wp\/v2\/nyheter\/678"}],"collection":[{"href":"https:\/\/mustangclubsweden.org\/vastra-malardalen\/wp-json\/wp\/v2\/nyheter"}],"about":[{"href":"https:\/\/mustangclubsweden.org\/vastra-malardalen\/wp-json\/wp\/v2\/types\/nyheter"}],"replies":[{"embeddable":true,"href":"https:\/\/mustangclubsweden.org\/vastra-malardalen\/wp-json\/wp\/v2\/comments?post=678"}],"wp:attachment":[{"href":"https:\/\/mustangclubsweden.org\/vastra-malardalen\/wp-json\/wp\/v2\/media?parent=678"}],"curies":[{"name":"wp","href":"https:\/\/api.w.org\/{rel}","templated":true}]}}