{"id":668,"date":"2016-07-27T12:57:00","date_gmt":"2016-07-27T10:57:00","guid":{"rendered":"http:\/\/mustangklubben.hemsida.eu\/vastra-malardalen\/nyheter\/cmc-vastra-malardalen-sommartraff-vastervikstorget-strangnas\/"},"modified":"2016-07-27T12:57:00","modified_gmt":"2016-07-27T10:57:00","slug":"cmc-vastra-malardalen-sommartraff-vastervikstorget-strangnas","status":"publish","type":"nyheter","link":"https:\/\/mustangclubsweden.org\/vastra-malardalen\/nyheter\/cmc-vastra-malardalen-sommartraff-vastervikstorget-strangnas\/","title":{"rendered":"CMC V\u00e4stra M\u00e4lardalen &#8211; Sommartr\u00e4ff V\u00e4stervikstorget Str\u00e4ngn\u00e4s"},"content":{"rendered":"<p style=\"margin:0cm 0cm 10pt;\">\t<font color=\"#000000\" face=\"Calibri\" size=\"3\">S\u00e5 fick vi \u00e4ntligen till det i Str\u00e4ngn\u00e4s. Larsarna Lycke \u00e5 Porshagen<\/font><\/p>\n<p style=\"margin:0cm 0cm 10pt;\">\t<a class=\"ipsAttachLink ipsAttachLink_image\" data-fileid=\"11665\" href=\"https:\/\/forum.mustangclubsweden.org\/uploads\/monthly_2016_07\/5798adea9eb6d_LarsLarspVstervikstorgetStrngns2016-07-13.jpg.92535b477a6bb72fb58b6a138b6f0e4b.jpg\" rel=\"external\"><img alt=\"Lars &amp; Lars p\u00e5 V\u00e4stervikstorget Str\u00e4ngn\u00e4s 2016-07-13.jpg\" class=\"ipsImage ipsImage_thumbnailed\" data-fileid=\"11665\" src=\"http:\/\/mustangklubben.hemsida.eu\/vastra-malardalen\/wp-content\/uploads\/sites\/8\/2020\/12\/5798adeadfb79_larslarspvstervikstorgetstrngns2016-07-13.thumb_jpg.3ffc5e9cf4d8db6961518c89345c3899.jpg\"><\/a><\/p>\n<p style=\"margin:0cm 0cm 10pt;\">\t<font color=\"#000000\" face=\"Calibri\" size=\"3\">har nog aldrig varit ute p\u00e5 v\u00e4der sajter oftare \u00e4n dagarna innan tr\u00e4ffen. F\u00f6rs\u00f6kte tom f\u00e5 v\u00e4dergaranti fr\u00e5n kommunen vilket inte lyckades. Str\u00e4ngn\u00e4s Tidning gjorde bra reklam f\u00f6r Mustangklubben. Vi fick en vederh\u00e4ftig artikel i tidningen p\u00e5 onsdag morgon med f\u00e4rgbild p\u00e5 f\u00f6rstasidan. S\u00e5 l\u00e5ngt allt v\u00e4l vi visste att m\u00e5nga lokala bor skulle dyka opp under kv\u00e4llen. Fr\u00e5gan var om det skulle komma n\u00e5gra Mustanger. Nu e ju Mustang\u00e4gare ett t\u00e5ligt folk och f\u00f6rsta bil rullade in fr\u00e5n Eskilstuna redan strax efter fyra. Sedan rullade det in sk\u00f6nheter i en strid str\u00f6m \u00e5 torget fylldes p\u00e5 snabbt med gl\u00e4nsande ekipage. Nu var det ju tvunget med n\u00e5gra droppar regn men mer blev det inte. M\u00e5nga nyfikna semesterfirare tittade runt p\u00e5 torget \u00e5 st\u00e4llde fr\u00e5gor om klubb och bilar. Tr\u00e5kigt var att tavernan var full till sista plats \u00e5 att m\u00e5nga fick v\u00e4nta p\u00e5 sin mat. Prova n\u00e5gon av de andra restaurangerna n\u00e4sta g\u00e5ng. Tr\u00e4ffen lockade ca 45 sk\u00f6nheter vilket \u00e4r mkt bra d\u00e5 f\u00f6rra \u00e5rets tr\u00e4ff var en kamp f\u00f6r \u00f6verlevnad. M\u00e5nga tackade f\u00f6r en bra tr\u00e4ff efter\u00e5t torget e ju n\u00e4ra nog perfekt f\u00f6r biltr\u00e4ffar. \u00c5 inga Mustanger l\u00e4mnade efter sig n\u00e5n spillning p\u00e5 torget vilket tr\u00e4ffv\u00e4rdarna uppskattade. Vi tar nya tag n\u00e4sta \u00e5r \u00e5 k\u00f6r en repris om Ni vill.<\/font><\/p>\n<p style=\"margin:0cm 0cm 10pt;\">\t<font color=\"#000000\" face=\"Calibri\" size=\"3\">Larsarna i Str\u00e4ngn\u00e4s <\/font><\/p>\n<p style=\"margin:0cm 0cm 10pt;\">\t<a class=\"ipsAttachLink ipsAttachLink_image\" data-fileid=\"11667\" href=\"https:\/\/forum.mustangclubsweden.org\/uploads\/monthly_2016_07\/5798ae4a0b0ed_Bild3A.JPG.d32f3f75db30f3a233b496deb70e9513.JPG\" rel=\"external\"><img alt=\"Bild 3A.JPG\" class=\"ipsImage ipsImage_thumbnailed\" data-fileid=\"11667\" src=\"http:\/\/mustangklubben.hemsida.eu\/vastra-malardalen\/wp-content\/uploads\/sites\/8\/2020\/12\/5798ae4a81e9f_bild3a.thumb_jpg.502a5f9c1f420f6778d9ae29a79bf457.jpg\"><\/a><\/p>\n<p style=\"margin:0cm 0cm 10pt;\">\t<a class=\"ipsAttachLink ipsAttachLink_image\" data-fileid=\"11666\" href=\"https:\/\/forum.mustangclubsweden.org\/uploads\/monthly_2016_07\/5798ae1f5588a_Bild2A.JPG.6b9c0ed0a73dd1c9b8af747010065760.JPG\" rel=\"external\"><img alt=\"Bild 2A.JPG\" class=\"ipsImage ipsImage_thumbnailed\" data-fileid=\"11666\" src=\"http:\/\/mustangklubben.hemsida.eu\/vastra-malardalen\/wp-content\/uploads\/sites\/8\/2020\/12\/5798ae1f97a97_bild2a.thumb_jpg.1d1f7e906c452acdf87616ff2432d2c7.jpg\"><\/a><\/p>\n<p style=\"margin:0cm 0cm 10pt;\">\t<a class=\"ipsAttachLink ipsAttachLink_image\" data-fileid=\"11669\" href=\"https:\/\/forum.mustangclubsweden.org\/uploads\/monthly_2016_07\/5798aea0bee23_Bild5A.JPG.1cb943d596009d5727b02a79b30ce3ed.JPG\" rel=\"external\"><img alt=\"Bild 5A.JPG\" class=\"ipsImage ipsImage_thumbnailed\" data-fileid=\"11669\" src=\"http:\/\/mustangklubben.hemsida.eu\/vastra-malardalen\/wp-content\/uploads\/sites\/8\/2020\/12\/5798aea10bd48_bild5a.thumb_jpg.29249dc65b67b483af37b54c669b52b6.jpg\"><\/a><\/p>\n<p style=\"margin:0cm 0cm 10pt;\">\t<a class=\"ipsAttachLink ipsAttachLink_image\" data-fileid=\"11670\" href=\"https:\/\/forum.mustangclubsweden.org\/uploads\/monthly_2016_07\/5798aed01cca1_Bild6A.JPG.54d4d89c65172eccbfc03fa34217a609.JPG\" rel=\"external\"><img alt=\"Bild 6A.JPG\" class=\"ipsImage ipsImage_thumbnailed\" data-fileid=\"11670\" src=\"http:\/\/mustangklubben.hemsida.eu\/vastra-malardalen\/wp-content\/uploads\/sites\/8\/2020\/12\/5798aed05d696_bild6a.thumb_jpg.dfff2895815bae5288bc2d2e3091bd10.jpg\"><\/a><\/p>\n<p style=\"margin:0cm 0cm 10pt;\">\t<a class=\"ipsAttachLink ipsAttachLink_image\" data-fileid=\"11671\" href=\"https:\/\/forum.mustangclubsweden.org\/uploads\/monthly_2016_07\/5798aefb994a6_Bild7A.JPG.a5a3eb0cb9a255f04abfa2a3f626ba29.JPG\" rel=\"external\"><img alt=\"Bild 7A.JPG\" class=\"ipsImage ipsImage_thumbnailed\" data-fileid=\"11671\" src=\"http:\/\/mustangklubben.hemsida.eu\/vastra-malardalen\/wp-content\/uploads\/sites\/8\/2020\/12\/5798aefbde3d2_bild7a.thumb_jpg.0e52a86712bf15450e5c38a21b12304d.jpg\"><\/a><\/p>\n","protected":false},"excerpt":{"rendered":"<p>S\u00e5 fick vi \u00e4ntligen till det i Str\u00e4ngn\u00e4s. Larsarna Lycke \u00e5 Porshagen har nog aldrig varit ute p\u00e5 v\u00e4der sajter oftare \u00e4n dagarna innan tr\u00e4ffen. F\u00f6rs\u00f6kte tom f\u00e5 v\u00e4dergaranti fr\u00e5n kommunen vilket inte lyckades. Str\u00e4ngn\u00e4s Tidning gjorde bra reklam f\u00f6r Mustangklubben. Vi fick en vederh\u00e4ftig artikel i tidningen p\u00e5 onsdag morgon med f\u00e4rgbild p\u00e5 f\u00f6rstasidan. [&hellip;]<\/p>\n","protected":false},"featured_media":0,"comment_status":"open","ping_status":"open","template":"","yoast_head":"<!-- This site is optimized with the Yoast SEO plugin v16.1.1 - https:\/\/yoast.com\/wordpress\/plugins\/seo\/ -->\n<title>CMC V\u00e4stra M\u00e4lardalen - Sommartr\u00e4ff V\u00e4stervikstorget Str\u00e4ngn\u00e4s - V\u00e4stra M\u00e4lardalen<\/title>\n<link rel=\"canonical\" href=\"https:\/\/mustangclubsweden.org\/vastra-malardalen\/nyheter\/cmc-vastra-malardalen-sommartraff-vastervikstorget-strangnas\/\" \/>\n<meta property=\"og:locale\" content=\"sv_SE\" \/>\n<meta property=\"og:type\" content=\"article\" \/>\n<meta property=\"og:title\" content=\"CMC V\u00e4stra M\u00e4lardalen - Sommartr\u00e4ff V\u00e4stervikstorget Str\u00e4ngn\u00e4s - V\u00e4stra M\u00e4lardalen\" \/>\n<meta property=\"og:description\" content=\"S\u00e5 fick vi \u00e4ntligen till det i Str\u00e4ngn\u00e4s. Larsarna Lycke \u00e5 Porshagen har nog aldrig varit ute p\u00e5 v\u00e4der sajter oftare \u00e4n dagarna innan tr\u00e4ffen. F\u00f6rs\u00f6kte tom f\u00e5 v\u00e4dergaranti fr\u00e5n kommunen vilket inte lyckades. Str\u00e4ngn\u00e4s Tidning gjorde bra reklam f\u00f6r Mustangklubben. Vi fick en vederh\u00e4ftig artikel i tidningen p\u00e5 onsdag morgon med f\u00e4rgbild p\u00e5 f\u00f6rstasidan. [&hellip;]\" \/>\n<meta property=\"og:url\" content=\"https:\/\/mustangclubsweden.org\/vastra-malardalen\/nyheter\/cmc-vastra-malardalen-sommartraff-vastervikstorget-strangnas\/\" \/>\n<meta property=\"og:site_name\" content=\"V\u00e4stra M\u00e4lardalen\" \/>\n<meta property=\"og:image\" content=\"http:\/\/mustangklubben.hemsida.eu\/vastra-malardalen\/wp-content\/uploads\/sites\/8\/2020\/12\/5798adeadfb79_larslarspvstervikstorgetstrngns2016-07-13.thumb_jpg.3ffc5e9cf4d8db6961518c89345c3899.jpg\" \/>\n<meta name=\"twitter:card\" content=\"summary_large_image\" \/>\n<meta name=\"twitter:label1\" content=\"Ber\u00e4knad l\u00e4stid\">\n\t<meta name=\"twitter:data1\" content=\"1 minut\">\n<script type=\"application\/ld+json\" class=\"yoast-schema-graph\">{\"@context\":\"https:\/\/schema.org\",\"@graph\":[{\"@type\":\"WebSite\",\"@id\":\"https:\/\/mustangclubsweden.org\/vastra-malardalen\/#website\",\"url\":\"https:\/\/mustangclubsweden.org\/vastra-malardalen\/\",\"name\":\"V\\u00e4stra M\\u00e4lardalen\",\"description\":\"Region V\\u00e4stra M\\u00e4lardalen hos Classic Mustang Club Sweden\",\"potentialAction\":[{\"@type\":\"SearchAction\",\"target\":\"https:\/\/mustangclubsweden.org\/vastra-malardalen\/?s={search_term_string}\",\"query-input\":\"required name=search_term_string\"}],\"inLanguage\":\"sv-SE\"},{\"@type\":\"ImageObject\",\"@id\":\"https:\/\/mustangclubsweden.org\/vastra-malardalen\/nyheter\/cmc-vastra-malardalen-sommartraff-vastervikstorget-strangnas\/#primaryimage\",\"inLanguage\":\"sv-SE\",\"url\":\"http:\/\/mustangklubben.hemsida.eu\/vastra-malardalen\/wp-content\/uploads\/sites\/8\/2020\/12\/5798adeadfb79_larslarspvstervikstorgetstrngns2016-07-13.thumb_jpg.3ffc5e9cf4d8db6961518c89345c3899.jpg\",\"contentUrl\":\"http:\/\/mustangklubben.hemsida.eu\/vastra-malardalen\/wp-content\/uploads\/sites\/8\/2020\/12\/5798adeadfb79_larslarspvstervikstorgetstrngns2016-07-13.thumb_jpg.3ffc5e9cf4d8db6961518c89345c3899.jpg\"},{\"@type\":\"WebPage\",\"@id\":\"https:\/\/mustangclubsweden.org\/vastra-malardalen\/nyheter\/cmc-vastra-malardalen-sommartraff-vastervikstorget-strangnas\/#webpage\",\"url\":\"https:\/\/mustangclubsweden.org\/vastra-malardalen\/nyheter\/cmc-vastra-malardalen-sommartraff-vastervikstorget-strangnas\/\",\"name\":\"CMC V\\u00e4stra M\\u00e4lardalen - Sommartr\\u00e4ff V\\u00e4stervikstorget Str\\u00e4ngn\\u00e4s - V\\u00e4stra M\\u00e4lardalen\",\"isPartOf\":{\"@id\":\"https:\/\/mustangclubsweden.org\/vastra-malardalen\/#website\"},\"primaryImageOfPage\":{\"@id\":\"https:\/\/mustangclubsweden.org\/vastra-malardalen\/nyheter\/cmc-vastra-malardalen-sommartraff-vastervikstorget-strangnas\/#primaryimage\"},\"datePublished\":\"2016-07-27T10:57:00+00:00\",\"dateModified\":\"2016-07-27T10:57:00+00:00\",\"breadcrumb\":{\"@id\":\"https:\/\/mustangclubsweden.org\/vastra-malardalen\/nyheter\/cmc-vastra-malardalen-sommartraff-vastervikstorget-strangnas\/#breadcrumb\"},\"inLanguage\":\"sv-SE\",\"potentialAction\":[{\"@type\":\"ReadAction\",\"target\":[\"https:\/\/mustangclubsweden.org\/vastra-malardalen\/nyheter\/cmc-vastra-malardalen-sommartraff-vastervikstorget-strangnas\/\"]}]},{\"@type\":\"BreadcrumbList\",\"@id\":\"https:\/\/mustangclubsweden.org\/vastra-malardalen\/nyheter\/cmc-vastra-malardalen-sommartraff-vastervikstorget-strangnas\/#breadcrumb\",\"itemListElement\":[{\"@type\":\"ListItem\",\"position\":1,\"item\":{\"@type\":\"WebPage\",\"@id\":\"https:\/\/mustangclubsweden.org\/vastra-malardalen\/\",\"url\":\"https:\/\/mustangclubsweden.org\/vastra-malardalen\/\",\"name\":\"Hem\"}},{\"@type\":\"ListItem\",\"position\":2,\"item\":{\"@type\":\"WebPage\",\"@id\":\"https:\/\/mustangclubsweden.org\/vastra-malardalen\/nyheter\/\",\"url\":\"https:\/\/mustangclubsweden.org\/vastra-malardalen\/nyheter\/\",\"name\":\"Nyheter\"}},{\"@type\":\"ListItem\",\"position\":3,\"item\":{\"@type\":\"WebPage\",\"@id\":\"https:\/\/mustangclubsweden.org\/vastra-malardalen\/nyheter\/cmc-vastra-malardalen-sommartraff-vastervikstorget-strangnas\/\",\"url\":\"https:\/\/mustangclubsweden.org\/vastra-malardalen\/nyheter\/cmc-vastra-malardalen-sommartraff-vastervikstorget-strangnas\/\",\"name\":\"CMC V\\u00e4stra M\\u00e4lardalen &#8211; Sommartr\\u00e4ff V\\u00e4stervikstorget Str\\u00e4ngn\\u00e4s\"}}]}]}<\/script>\n<!-- \/ Yoast SEO plugin. -->","_links":{"self":[{"href":"https:\/\/mustangclubsweden.org\/vastra-malardalen\/wp-json\/wp\/v2\/nyheter\/668"}],"collection":[{"href":"https:\/\/mustangclubsweden.org\/vastra-malardalen\/wp-json\/wp\/v2\/nyheter"}],"about":[{"href":"https:\/\/mustangclubsweden.org\/vastra-malardalen\/wp-json\/wp\/v2\/types\/nyheter"}],"replies":[{"embeddable":true,"href":"https:\/\/mustangclubsweden.org\/vastra-malardalen\/wp-json\/wp\/v2\/comments?post=668"}],"wp:attachment":[{"href":"https:\/\/mustangclubsweden.org\/vastra-malardalen\/wp-json\/wp\/v2\/media?parent=668"}],"curies":[{"name":"wp","href":"https:\/\/api.w.org\/{rel}","templated":true}]}}