{"id":2728,"date":"2026-03-15T17:18:01","date_gmt":"2026-03-15T16:18:01","guid":{"rendered":"https:\/\/mustangclubsweden.org\/vastra-malardalen\/?post_type=nyheter&#038;p=2728"},"modified":"2026-03-16T21:47:06","modified_gmt":"2026-03-16T20:47:06","slug":"information-fran-vart-tredje-nyhetsbrev-2026","status":"publish","type":"nyheter","link":"https:\/\/mustangclubsweden.org\/vastra-malardalen\/nyheter\/information-fran-vart-tredje-nyhetsbrev-2026\/","title":{"rendered":"Information fr\u00e5n v\u00e5rt tredje Nyhetsbrev 2026"},"content":{"rendered":"<table role=\"presentation\" border=\"0\" cellspacing=\"0\" cellpadding=\"0\">\n<tbody>\n<tr>\n<td>\n<table role=\"presentation\" border=\"0\" cellspacing=\"0\" cellpadding=\"0\">\n<tbody>\n<tr>\n<td><img src=\"https:\/\/medlem.mustangclubsweden.org\/storage\/newsletters\/2026\/03\/20260315\/i5SUNWBoGXyscqlWOwJKVBxsqUrAzeCsMgXlTj0s.png\" alt=\"\" width=\"580\" \/><\/td>\n<\/tr>\n<\/tbody>\n<\/table>\n<table role=\"presentation\" border=\"0\" cellspacing=\"0\" cellpadding=\"0\">\n<tbody>\n<tr>\n<td>\n<div><\/div>\n<\/td>\n<\/tr>\n<\/tbody>\n<\/table>\n<table role=\"presentation\" border=\"0\" cellspacing=\"0\" cellpadding=\"0\">\n<tbody>\n<tr>\n<td><span style=\"font-family: inherit;font-size: inherit\">Vi i Crew i V\u00e4stra M\u00e4lardalen vill p\u00e5minna dig om v\u00e5r traditionella grustur. Vill du veta mer s\u00e5 trycker du p\u00e5 den f\u00f6rsta l\u00e4nken nedan.<\/span><\/p>\n<p>Vi vill ocks\u00e5 informera om att v\u00e5r klubb kommer vara med p\u00e5 Custom Motor Show p\u00e5 Elmia under p\u00e5skhelgen. Vill du veta mer s\u00e5 trycker du p\u00e5 den andra l\u00e4nken nedan.<\/p>\n<p>Med Mustangliga h\u00e4lsningar<\/p>\n<p>Crew i V\u00e4stra M\u00e4lardalen<\/td>\n<\/tr>\n<\/tbody>\n<\/table>\n<table role=\"presentation\" border=\"0\" cellspacing=\"0\" cellpadding=\"0\">\n<tbody>\n<tr>\n<td>\n<div><\/div>\n<\/td>\n<\/tr>\n<\/tbody>\n<\/table>\n<table border=\"0\" cellspacing=\"0\" cellpadding=\"0\">\n<tbody>\n<tr>\n<td align=\"center\">\n<table border=\"0\" cellspacing=\"0\" cellpadding=\"0\">\n<tbody>\n<tr>\n<td><a href=\"https:\/\/mustangclubsweden.org\/vastra-malardalen\/evenemang\/grusturen-2026\/\" target=\"_blank\" rel=\"noopener\">-&gt; Grusturen 2026 &lt;- <\/a><\/td>\n<\/tr>\n<\/tbody>\n<\/table>\n<\/td>\n<\/tr>\n<\/tbody>\n<\/table>\n<table role=\"presentation\" border=\"0\" cellspacing=\"0\" cellpadding=\"0\">\n<tbody>\n<tr>\n<td>\n<div><\/div>\n<\/td>\n<\/tr>\n<\/tbody>\n<\/table>\n<table border=\"0\" cellspacing=\"0\" cellpadding=\"0\">\n<tbody>\n<tr>\n<td align=\"center\">\n<table border=\"0\" cellspacing=\"0\" cellpadding=\"0\">\n<tbody>\n<tr>\n<td><a href=\"https:\/\/mustangclubsweden.org\/vastra-malardalen\/evenemang\/elmia-2\/\" target=\"_blank\" rel=\"noopener\">Custom Motor Show 2026<\/a><\/td>\n<\/tr>\n<\/tbody>\n<\/table>\n<\/td>\n<\/tr>\n<\/tbody>\n<\/table>\n<\/td>\n<\/tr>\n<\/tbody>\n<\/table>\n","protected":false},"excerpt":{"rendered":"<p>Vi i Crew i V\u00e4stra M\u00e4lardalen vill p\u00e5minna dig om v\u00e5r traditionella grustur. Vill du veta mer s\u00e5 trycker du p\u00e5 den f\u00f6rsta l\u00e4nken nedan. Vi vill ocks\u00e5 informera om att v\u00e5r klubb kommer vara med p\u00e5 Custom Motor Show p\u00e5 Elmia under p\u00e5skhelgen. Vill du veta mer s\u00e5 trycker du p\u00e5 den andra l\u00e4nken [&hellip;]<\/p>\n","protected":false},"featured_media":2638,"comment_status":"open","ping_status":"closed","template":"","yoast_head":"<!-- This site is optimized with the Yoast SEO plugin v16.1.1 - https:\/\/yoast.com\/wordpress\/plugins\/seo\/ -->\n<title>Information fr\u00e5n v\u00e5rt tredje Nyhetsbrev 2026 - V\u00e4stra M\u00e4lardalen<\/title>\n<link rel=\"canonical\" href=\"https:\/\/mustangclubsweden.org\/vastra-malardalen\/nyheter\/information-fran-vart-tredje-nyhetsbrev-2026\/\" \/>\n<meta property=\"og:locale\" content=\"sv_SE\" \/>\n<meta property=\"og:type\" content=\"article\" \/>\n<meta property=\"og:title\" content=\"Information fr\u00e5n v\u00e5rt tredje Nyhetsbrev 2026 - V\u00e4stra M\u00e4lardalen\" \/>\n<meta property=\"og:description\" content=\"Vi i Crew i V\u00e4stra M\u00e4lardalen vill p\u00e5minna dig om v\u00e5r traditionella grustur. Vill du veta mer s\u00e5 trycker du p\u00e5 den f\u00f6rsta l\u00e4nken nedan. Vi vill ocks\u00e5 informera om att v\u00e5r klubb kommer vara med p\u00e5 Custom Motor Show p\u00e5 Elmia under p\u00e5skhelgen. Vill du veta mer s\u00e5 trycker du p\u00e5 den andra l\u00e4nken [&hellip;]\" \/>\n<meta property=\"og:url\" content=\"https:\/\/mustangclubsweden.org\/vastra-malardalen\/nyheter\/information-fran-vart-tredje-nyhetsbrev-2026\/\" \/>\n<meta property=\"og:site_name\" content=\"V\u00e4stra M\u00e4lardalen\" \/>\n<meta property=\"article:modified_time\" content=\"2026-03-16T20:47:06+00:00\" \/>\n<meta property=\"og:image\" content=\"https:\/\/mustangclubsweden.org\/vastra-malardalen\/wp-content\/uploads\/sites\/8\/2025\/09\/IMG_6723.jpeg\" \/>\n\t<meta property=\"og:image:width\" content=\"2048\" \/>\n\t<meta property=\"og:image:height\" content=\"2048\" \/>\n<meta name=\"twitter:card\" content=\"summary_large_image\" \/>\n<meta name=\"twitter:label1\" content=\"Ber\u00e4knad l\u00e4stid\">\n\t<meta name=\"twitter:data1\" content=\"1 minut\">\n<script type=\"application\/ld+json\" class=\"yoast-schema-graph\">{\"@context\":\"https:\/\/schema.org\",\"@graph\":[{\"@type\":\"WebSite\",\"@id\":\"https:\/\/mustangclubsweden.org\/vastra-malardalen\/#website\",\"url\":\"https:\/\/mustangclubsweden.org\/vastra-malardalen\/\",\"name\":\"V\\u00e4stra M\\u00e4lardalen\",\"description\":\"Region V\\u00e4stra M\\u00e4lardalen hos Classic Mustang Club Sweden\",\"potentialAction\":[{\"@type\":\"SearchAction\",\"target\":\"https:\/\/mustangclubsweden.org\/vastra-malardalen\/?s={search_term_string}\",\"query-input\":\"required name=search_term_string\"}],\"inLanguage\":\"sv-SE\"},{\"@type\":\"ImageObject\",\"@id\":\"https:\/\/mustangclubsweden.org\/vastra-malardalen\/nyheter\/information-fran-vart-tredje-nyhetsbrev-2026\/#primaryimage\",\"inLanguage\":\"sv-SE\",\"url\":\"https:\/\/mustangclubsweden.org\/vastra-malardalen\/wp-content\/uploads\/sites\/8\/2025\/09\/IMG_6723.jpeg\",\"contentUrl\":\"https:\/\/mustangclubsweden.org\/vastra-malardalen\/wp-content\/uploads\/sites\/8\/2025\/09\/IMG_6723.jpeg\",\"width\":2048,\"height\":2048},{\"@type\":\"WebPage\",\"@id\":\"https:\/\/mustangclubsweden.org\/vastra-malardalen\/nyheter\/information-fran-vart-tredje-nyhetsbrev-2026\/#webpage\",\"url\":\"https:\/\/mustangclubsweden.org\/vastra-malardalen\/nyheter\/information-fran-vart-tredje-nyhetsbrev-2026\/\",\"name\":\"Information fr\\u00e5n v\\u00e5rt tredje Nyhetsbrev 2026 - V\\u00e4stra M\\u00e4lardalen\",\"isPartOf\":{\"@id\":\"https:\/\/mustangclubsweden.org\/vastra-malardalen\/#website\"},\"primaryImageOfPage\":{\"@id\":\"https:\/\/mustangclubsweden.org\/vastra-malardalen\/nyheter\/information-fran-vart-tredje-nyhetsbrev-2026\/#primaryimage\"},\"datePublished\":\"2026-03-15T16:18:01+00:00\",\"dateModified\":\"2026-03-16T20:47:06+00:00\",\"breadcrumb\":{\"@id\":\"https:\/\/mustangclubsweden.org\/vastra-malardalen\/nyheter\/information-fran-vart-tredje-nyhetsbrev-2026\/#breadcrumb\"},\"inLanguage\":\"sv-SE\",\"potentialAction\":[{\"@type\":\"ReadAction\",\"target\":[\"https:\/\/mustangclubsweden.org\/vastra-malardalen\/nyheter\/information-fran-vart-tredje-nyhetsbrev-2026\/\"]}]},{\"@type\":\"BreadcrumbList\",\"@id\":\"https:\/\/mustangclubsweden.org\/vastra-malardalen\/nyheter\/information-fran-vart-tredje-nyhetsbrev-2026\/#breadcrumb\",\"itemListElement\":[{\"@type\":\"ListItem\",\"position\":1,\"item\":{\"@type\":\"WebPage\",\"@id\":\"https:\/\/mustangclubsweden.org\/vastra-malardalen\/\",\"url\":\"https:\/\/mustangclubsweden.org\/vastra-malardalen\/\",\"name\":\"Hem\"}},{\"@type\":\"ListItem\",\"position\":2,\"item\":{\"@type\":\"WebPage\",\"@id\":\"https:\/\/mustangclubsweden.org\/vastra-malardalen\/nyheter\/\",\"url\":\"https:\/\/mustangclubsweden.org\/vastra-malardalen\/nyheter\/\",\"name\":\"Nyheter\"}},{\"@type\":\"ListItem\",\"position\":3,\"item\":{\"@type\":\"WebPage\",\"@id\":\"https:\/\/mustangclubsweden.org\/vastra-malardalen\/nyheter\/information-fran-vart-tredje-nyhetsbrev-2026\/\",\"url\":\"https:\/\/mustangclubsweden.org\/vastra-malardalen\/nyheter\/information-fran-vart-tredje-nyhetsbrev-2026\/\",\"name\":\"Information fr\\u00e5n v\\u00e5rt tredje Nyhetsbrev 2026\"}}]}]}<\/script>\n<!-- \/ Yoast SEO plugin. -->","_links":{"self":[{"href":"https:\/\/mustangclubsweden.org\/vastra-malardalen\/wp-json\/wp\/v2\/nyheter\/2728"}],"collection":[{"href":"https:\/\/mustangclubsweden.org\/vastra-malardalen\/wp-json\/wp\/v2\/nyheter"}],"about":[{"href":"https:\/\/mustangclubsweden.org\/vastra-malardalen\/wp-json\/wp\/v2\/types\/nyheter"}],"replies":[{"embeddable":true,"href":"https:\/\/mustangclubsweden.org\/vastra-malardalen\/wp-json\/wp\/v2\/comments?post=2728"}],"wp:featuredmedia":[{"embeddable":true,"href":"https:\/\/mustangclubsweden.org\/vastra-malardalen\/wp-json\/wp\/v2\/media\/2638"}],"wp:attachment":[{"href":"https:\/\/mustangclubsweden.org\/vastra-malardalen\/wp-json\/wp\/v2\/media?parent=2728"}],"curies":[{"name":"wp","href":"https:\/\/api.w.org\/{rel}","templated":true}]}}