{"id":2500,"date":"2025-06-30T21:43:18","date_gmt":"2025-06-30T19:43:18","guid":{"rendered":"https:\/\/mustangclubsweden.org\/vastra-malardalen\/?post_type=nyheter&#038;p=2500"},"modified":"2025-06-30T21:43:18","modified_gmt":"2025-06-30T19:43:18","slug":"information-fran-vart-tolfte-nyhetsbrev-2025","status":"publish","type":"nyheter","link":"https:\/\/mustangclubsweden.org\/vastra-malardalen\/nyheter\/information-fran-vart-tolfte-nyhetsbrev-2025\/","title":{"rendered":"Information fr\u00e5n v\u00e5rt tolfte nyhetsbrev 2025"},"content":{"rendered":"<p>Hej<\/p>\n<p>Vi i Crew hoppas du hunnit rasta Mustangen ordentligt i sommar!<\/p>\n<p>Den h\u00e4r veckan dyker vi upp p\u00e5 tv\u00e5 tr\u00e4ffar:<\/p>\n<ul>\n<li>Onsdag 2\/7 i Nyk\u00f6pings hamn (tema: Amerikanska bilar) \u2013 vi har egen Mustangparkering.<\/li>\n<li>L\u00f6rdag 5\/7 p\u00e5 Summer Meet i V\u00e4ster\u00e5s \u2013 d\u00e4r har vi v\u00e5r egen hage.<\/li>\n<\/ul>\n<p>Kom ih\u00e5g att f\u00f6lja arrang\u00f6rens regler och anvisningar.<\/p>\n<p>L\u00e4s mer om Nyk\u00f6pings-tr\u00e4ffen h\u00e4r:<\/p>\n<p>\ud83d\udc49\u00a0<a href=\"https:\/\/mustangclubsweden.org\/vastra-malardalen\/evenemang\/traff-i-nykopings-hamn-2\/\">mustangclubsweden.org<\/a><\/p>\n<p>Ingen gemensam tur till V\u00e4ster\u00e5s \u2013 men vi ses d\u00e4r! L\u00e4s mer nedan.<\/p>\n<p>Gl\u00f6m inte att f\u00f6lja v\u00e5r <a href=\"https:\/\/www.facebook.com\/share\/g\/19vgQFpmCT\/?mibextid=wwXIfr\">Facebooksida<\/a> f\u00f6r spontana tr\u00e4ffar och annat kul!<\/p>\n<p>Med Mustangliga h\u00e4lsningar<\/p>\n<p>Crew i V\u00e4stra M\u00e4lardalen<\/p>\n<p>&nbsp;<\/p>\n<hr \/>\n<h4>Evenemangsinformation<\/h4>\n<p><b>Summer Meet i V\u00e4ster\u00e5s<\/b><br \/>\n<b>N\u00e4r:<\/b> 2025-07-05 08:00<br \/>\n<b>Anm\u00e4lan:<\/b> Ingen anm\u00e4lan kr\u00e4vs<br \/>\n<b>Region:<\/b> V\u00e4stra M\u00e4lardalen<\/p>\n<p>Den 5 juli finns vi i V\u00e4ster\u00e5s med v\u00e5r egen hage p\u00e5 Summer meet.<\/p>\n<p>Hagen \u00f6ppnas klockan 0800 och vi v\u00e4lkomnar er att leda in era Ponys till anvisad plats av Crew.<\/p>\n<p>Under hela dagen finns medlemmar fr\u00e5n Classic Mustang Club V\u00e4stra M\u00e4lardalens Crew n\u00e4rvarande i hagen och vi svarar g\u00e4rna p\u00e5 fr\u00e5gor.<\/p>\n<p>N\u00e4r du k\u00f6r in i v\u00e5r hage kommer du f\u00e5 en lott av Crew. Vi kommer ha en lottdragning klockan 13.<\/p>\n<p>Om det visar sig att det inte g\u00e5r att komma in p\u00e5 Summermeet i V\u00e4ster\u00e5s p\u00e5 grund av att det har regnat,s\u00e5 kommer vi att l\u00e4gga ut p\u00e5 facebookgruppen vid 08.00 p\u00e5 l\u00f6rdag.<\/p>\n<p>Om s\u00e5 \u00e4r fallet s\u00e5 tr\u00e4ffas vi p\u00e5 parkeringen vid Ikea i st\u00e4llet. F\u00f6r vidare information om dagen.<\/p>\n<p>Varmt v\u00e4lkomna \u00f6nskar Crew i V\u00e4stra M\u00e4lardalen<\/p>\n","protected":false},"excerpt":{"rendered":"<p>Hej Vi i Crew hoppas du hunnit rasta Mustangen ordentligt i sommar! Den h\u00e4r veckan dyker vi upp p\u00e5 tv\u00e5 tr\u00e4ffar: Onsdag 2\/7 i Nyk\u00f6pings hamn (tema: Amerikanska bilar) \u2013 vi har egen Mustangparkering. L\u00f6rdag 5\/7 p\u00e5 Summer Meet i V\u00e4ster\u00e5s \u2013 d\u00e4r har vi v\u00e5r egen hage. Kom ih\u00e5g att f\u00f6lja arrang\u00f6rens regler och [&hellip;]<\/p>\n","protected":false},"featured_media":2490,"comment_status":"open","ping_status":"closed","template":"","yoast_head":"<!-- This site is optimized with the Yoast SEO plugin v16.1.1 - https:\/\/yoast.com\/wordpress\/plugins\/seo\/ -->\n<title>Information fr\u00e5n v\u00e5rt tolfte nyhetsbrev 2025 - V\u00e4stra M\u00e4lardalen<\/title>\n<link rel=\"canonical\" href=\"https:\/\/mustangclubsweden.org\/vastra-malardalen\/nyheter\/information-fran-vart-tolfte-nyhetsbrev-2025\/\" \/>\n<meta property=\"og:locale\" content=\"sv_SE\" \/>\n<meta property=\"og:type\" content=\"article\" \/>\n<meta property=\"og:title\" content=\"Information fr\u00e5n v\u00e5rt tolfte nyhetsbrev 2025 - V\u00e4stra M\u00e4lardalen\" \/>\n<meta property=\"og:description\" content=\"Hej Vi i Crew hoppas du hunnit rasta Mustangen ordentligt i sommar! Den h\u00e4r veckan dyker vi upp p\u00e5 tv\u00e5 tr\u00e4ffar: Onsdag 2\/7 i Nyk\u00f6pings hamn (tema: Amerikanska bilar) \u2013 vi har egen Mustangparkering. L\u00f6rdag 5\/7 p\u00e5 Summer Meet i V\u00e4ster\u00e5s \u2013 d\u00e4r har vi v\u00e5r egen hage. Kom ih\u00e5g att f\u00f6lja arrang\u00f6rens regler och [&hellip;]\" \/>\n<meta property=\"og:url\" content=\"https:\/\/mustangclubsweden.org\/vastra-malardalen\/nyheter\/information-fran-vart-tolfte-nyhetsbrev-2025\/\" \/>\n<meta property=\"og:site_name\" content=\"V\u00e4stra M\u00e4lardalen\" \/>\n<meta property=\"og:image\" content=\"https:\/\/mustangclubsweden.org\/vastra-malardalen\/wp-content\/uploads\/sites\/8\/2025\/06\/IMG_6330.jpeg\" \/>\n\t<meta property=\"og:image:width\" content=\"1094\" \/>\n\t<meta property=\"og:image:height\" content=\"1078\" \/>\n<meta name=\"twitter:card\" content=\"summary_large_image\" \/>\n<meta name=\"twitter:label1\" content=\"Ber\u00e4knad l\u00e4stid\">\n\t<meta name=\"twitter:data1\" content=\"2 minuter\">\n<script type=\"application\/ld+json\" class=\"yoast-schema-graph\">{\"@context\":\"https:\/\/schema.org\",\"@graph\":[{\"@type\":\"WebSite\",\"@id\":\"https:\/\/mustangclubsweden.org\/vastra-malardalen\/#website\",\"url\":\"https:\/\/mustangclubsweden.org\/vastra-malardalen\/\",\"name\":\"V\\u00e4stra M\\u00e4lardalen\",\"description\":\"Region V\\u00e4stra M\\u00e4lardalen hos Classic Mustang Club Sweden\",\"potentialAction\":[{\"@type\":\"SearchAction\",\"target\":\"https:\/\/mustangclubsweden.org\/vastra-malardalen\/?s={search_term_string}\",\"query-input\":\"required name=search_term_string\"}],\"inLanguage\":\"sv-SE\"},{\"@type\":\"ImageObject\",\"@id\":\"https:\/\/mustangclubsweden.org\/vastra-malardalen\/nyheter\/information-fran-vart-tolfte-nyhetsbrev-2025\/#primaryimage\",\"inLanguage\":\"sv-SE\",\"url\":\"https:\/\/mustangclubsweden.org\/vastra-malardalen\/wp-content\/uploads\/sites\/8\/2025\/06\/IMG_6330.jpeg\",\"contentUrl\":\"https:\/\/mustangclubsweden.org\/vastra-malardalen\/wp-content\/uploads\/sites\/8\/2025\/06\/IMG_6330.jpeg\",\"width\":1094,\"height\":1078},{\"@type\":\"WebPage\",\"@id\":\"https:\/\/mustangclubsweden.org\/vastra-malardalen\/nyheter\/information-fran-vart-tolfte-nyhetsbrev-2025\/#webpage\",\"url\":\"https:\/\/mustangclubsweden.org\/vastra-malardalen\/nyheter\/information-fran-vart-tolfte-nyhetsbrev-2025\/\",\"name\":\"Information fr\\u00e5n v\\u00e5rt tolfte nyhetsbrev 2025 - V\\u00e4stra M\\u00e4lardalen\",\"isPartOf\":{\"@id\":\"https:\/\/mustangclubsweden.org\/vastra-malardalen\/#website\"},\"primaryImageOfPage\":{\"@id\":\"https:\/\/mustangclubsweden.org\/vastra-malardalen\/nyheter\/information-fran-vart-tolfte-nyhetsbrev-2025\/#primaryimage\"},\"datePublished\":\"2025-06-30T19:43:18+00:00\",\"dateModified\":\"2025-06-30T19:43:18+00:00\",\"breadcrumb\":{\"@id\":\"https:\/\/mustangclubsweden.org\/vastra-malardalen\/nyheter\/information-fran-vart-tolfte-nyhetsbrev-2025\/#breadcrumb\"},\"inLanguage\":\"sv-SE\",\"potentialAction\":[{\"@type\":\"ReadAction\",\"target\":[\"https:\/\/mustangclubsweden.org\/vastra-malardalen\/nyheter\/information-fran-vart-tolfte-nyhetsbrev-2025\/\"]}]},{\"@type\":\"BreadcrumbList\",\"@id\":\"https:\/\/mustangclubsweden.org\/vastra-malardalen\/nyheter\/information-fran-vart-tolfte-nyhetsbrev-2025\/#breadcrumb\",\"itemListElement\":[{\"@type\":\"ListItem\",\"position\":1,\"item\":{\"@type\":\"WebPage\",\"@id\":\"https:\/\/mustangclubsweden.org\/vastra-malardalen\/\",\"url\":\"https:\/\/mustangclubsweden.org\/vastra-malardalen\/\",\"name\":\"Hem\"}},{\"@type\":\"ListItem\",\"position\":2,\"item\":{\"@type\":\"WebPage\",\"@id\":\"https:\/\/mustangclubsweden.org\/vastra-malardalen\/nyheter\/\",\"url\":\"https:\/\/mustangclubsweden.org\/vastra-malardalen\/nyheter\/\",\"name\":\"Nyheter\"}},{\"@type\":\"ListItem\",\"position\":3,\"item\":{\"@type\":\"WebPage\",\"@id\":\"https:\/\/mustangclubsweden.org\/vastra-malardalen\/nyheter\/information-fran-vart-tolfte-nyhetsbrev-2025\/\",\"url\":\"https:\/\/mustangclubsweden.org\/vastra-malardalen\/nyheter\/information-fran-vart-tolfte-nyhetsbrev-2025\/\",\"name\":\"Information fr\\u00e5n v\\u00e5rt tolfte nyhetsbrev 2025\"}}]}]}<\/script>\n<!-- \/ Yoast SEO plugin. -->","_links":{"self":[{"href":"https:\/\/mustangclubsweden.org\/vastra-malardalen\/wp-json\/wp\/v2\/nyheter\/2500"}],"collection":[{"href":"https:\/\/mustangclubsweden.org\/vastra-malardalen\/wp-json\/wp\/v2\/nyheter"}],"about":[{"href":"https:\/\/mustangclubsweden.org\/vastra-malardalen\/wp-json\/wp\/v2\/types\/nyheter"}],"replies":[{"embeddable":true,"href":"https:\/\/mustangclubsweden.org\/vastra-malardalen\/wp-json\/wp\/v2\/comments?post=2500"}],"wp:featuredmedia":[{"embeddable":true,"href":"https:\/\/mustangclubsweden.org\/vastra-malardalen\/wp-json\/wp\/v2\/media\/2490"}],"wp:attachment":[{"href":"https:\/\/mustangclubsweden.org\/vastra-malardalen\/wp-json\/wp\/v2\/media?parent=2500"}],"curies":[{"name":"wp","href":"https:\/\/api.w.org\/{rel}","templated":true}]}}