{"id":1147,"date":"2025-05-18T17:20:48","date_gmt":"2025-05-18T15:20:48","guid":{"rendered":"https:\/\/mustangclubsweden.org\/gavle-dala\/?post_type=bildgalleri&#038;p=1147"},"modified":"2025-07-05T14:12:38","modified_gmt":"2025-07-05T12:12:38","slug":"mussetraff-pa-ingarvsdagen-vid-ford-i-falun","status":"publish","type":"bildgalleri","link":"https:\/\/mustangclubsweden.org\/gavle-dala\/bildgalleri\/mussetraff-pa-ingarvsdagen-vid-ford-i-falun\/","title":{"rendered":"Mussetr\u00e4ff p\u00e5 Ingarvsdagen vid Ford i Falun"},"content":{"rendered":"<p>L\u00f6rdagen 26 april 2025. Foto: Eva Engstr\u00f6m Lindevall<\/p>\n","protected":false},"featured_media":0,"template":"","galleri_kategori":[7],"yoast_head":"<!-- This site is optimized with the Yoast SEO plugin v16.1.1 - https:\/\/yoast.com\/wordpress\/plugins\/seo\/ -->\n<title>Mussetr\u00e4ff p\u00e5 Ingarvsdagen vid Ford i Falun - G\u00e4vle-Dala<\/title>\n<link rel=\"canonical\" href=\"https:\/\/mustangclubsweden.org\/gavle-dala\/bildgalleri\/mussetraff-pa-ingarvsdagen-vid-ford-i-falun\/\" \/>\n<meta property=\"og:locale\" content=\"sv_SE\" \/>\n<meta property=\"og:type\" content=\"article\" \/>\n<meta property=\"og:title\" content=\"Mussetr\u00e4ff p\u00e5 Ingarvsdagen vid Ford i Falun - G\u00e4vle-Dala\" \/>\n<meta property=\"og:description\" content=\"L\u00f6rdagen 26 april 2025. Foto: Eva Engstr\u00f6m Lindevall\" \/>\n<meta property=\"og:url\" content=\"https:\/\/mustangclubsweden.org\/gavle-dala\/bildgalleri\/mussetraff-pa-ingarvsdagen-vid-ford-i-falun\/\" \/>\n<meta property=\"og:site_name\" content=\"G\u00e4vle-Dala\" \/>\n<meta property=\"article:modified_time\" content=\"2025-07-05T12:12:38+00:00\" \/>\n<meta name=\"twitter:card\" content=\"summary_large_image\" \/>\n<meta name=\"twitter:label1\" content=\"Ber\u00e4knad l\u00e4stid\">\n\t<meta name=\"twitter:data1\" content=\"1 minut\">\n<script type=\"application\/ld+json\" class=\"yoast-schema-graph\">{\"@context\":\"https:\/\/schema.org\",\"@graph\":[{\"@type\":\"WebSite\",\"@id\":\"https:\/\/mustangclubsweden.org\/gavle-dala\/#website\",\"url\":\"https:\/\/mustangclubsweden.org\/gavle-dala\/\",\"name\":\"G\\u00e4vle-Dala\",\"description\":\"Region G\\u00e4vle-Dalarna hos Classic Mustang Club Sweden\",\"potentialAction\":[{\"@type\":\"SearchAction\",\"target\":\"https:\/\/mustangclubsweden.org\/gavle-dala\/?s={search_term_string}\",\"query-input\":\"required name=search_term_string\"}],\"inLanguage\":\"sv-SE\"},{\"@type\":\"WebPage\",\"@id\":\"https:\/\/mustangclubsweden.org\/gavle-dala\/bildgalleri\/mussetraff-pa-ingarvsdagen-vid-ford-i-falun\/#webpage\",\"url\":\"https:\/\/mustangclubsweden.org\/gavle-dala\/bildgalleri\/mussetraff-pa-ingarvsdagen-vid-ford-i-falun\/\",\"name\":\"Mussetr\\u00e4ff p\\u00e5 Ingarvsdagen vid Ford i Falun - G\\u00e4vle-Dala\",\"isPartOf\":{\"@id\":\"https:\/\/mustangclubsweden.org\/gavle-dala\/#website\"},\"datePublished\":\"2025-05-18T15:20:48+00:00\",\"dateModified\":\"2025-07-05T12:12:38+00:00\",\"breadcrumb\":{\"@id\":\"https:\/\/mustangclubsweden.org\/gavle-dala\/bildgalleri\/mussetraff-pa-ingarvsdagen-vid-ford-i-falun\/#breadcrumb\"},\"inLanguage\":\"sv-SE\",\"potentialAction\":[{\"@type\":\"ReadAction\",\"target\":[\"https:\/\/mustangclubsweden.org\/gavle-dala\/bildgalleri\/mussetraff-pa-ingarvsdagen-vid-ford-i-falun\/\"]}]},{\"@type\":\"BreadcrumbList\",\"@id\":\"https:\/\/mustangclubsweden.org\/gavle-dala\/bildgalleri\/mussetraff-pa-ingarvsdagen-vid-ford-i-falun\/#breadcrumb\",\"itemListElement\":[{\"@type\":\"ListItem\",\"position\":1,\"item\":{\"@type\":\"WebPage\",\"@id\":\"https:\/\/mustangclubsweden.org\/gavle-dala\/\",\"url\":\"https:\/\/mustangclubsweden.org\/gavle-dala\/\",\"name\":\"Hem\"}},{\"@type\":\"ListItem\",\"position\":2,\"item\":{\"@type\":\"WebPage\",\"@id\":\"https:\/\/mustangclubsweden.org\/gavle-dala\/bildgalleri\/\",\"url\":\"https:\/\/mustangclubsweden.org\/gavle-dala\/bildgalleri\/\",\"name\":\"Bildgallerier\"}},{\"@type\":\"ListItem\",\"position\":3,\"item\":{\"@type\":\"WebPage\",\"@id\":\"https:\/\/mustangclubsweden.org\/gavle-dala\/bildgalleri\/mussetraff-pa-ingarvsdagen-vid-ford-i-falun\/\",\"url\":\"https:\/\/mustangclubsweden.org\/gavle-dala\/bildgalleri\/mussetraff-pa-ingarvsdagen-vid-ford-i-falun\/\",\"name\":\"Mussetr\\u00e4ff p\\u00e5 Ingarvsdagen vid Ford i Falun\"}}]}]}<\/script>\n<!-- \/ Yoast SEO plugin. -->","_links":{"self":[{"href":"https:\/\/mustangclubsweden.org\/gavle-dala\/wp-json\/wp\/v2\/bildgalleri\/1147"}],"collection":[{"href":"https:\/\/mustangclubsweden.org\/gavle-dala\/wp-json\/wp\/v2\/bildgalleri"}],"about":[{"href":"https:\/\/mustangclubsweden.org\/gavle-dala\/wp-json\/wp\/v2\/types\/bildgalleri"}],"wp:attachment":[{"href":"https:\/\/mustangclubsweden.org\/gavle-dala\/wp-json\/wp\/v2\/media?parent=1147"}],"wp:term":[{"taxonomy":"galleri_kategori","embeddable":true,"href":"https:\/\/mustangclubsweden.org\/gavle-dala\/wp-json\/wp\/v2\/galleri_kategori?post=1147"}],"curies":[{"name":"wp","href":"https:\/\/api.w.org\/{rel}","templated":true}]}}